{"id":11502,"date":"2019-03-21T15:20:48","date_gmt":"2019-03-21T20:20:48","guid":{"rendered":"https:\/\/iecarpes.edu.co\/web\/?page_id=11502"},"modified":"2019-07-15T10:54:56","modified_gmt":"2019-07-15T15:54:56","slug":"nuestro-colegio","status":"publish","type":"page","link":"https:\/\/iecarpes.edu.co\/web\/nuestro-colegio\/","title":{"rendered":"Nuestro Colegio"},"content":{"rendered":"<div class=\"wpb-content-wrapper\"><p>[vc_row][vc_column]<div class=\"thim-widget-heading template-base\"><div class=\"sc_heading  text-center\"><h3 style=\"font-size:35px;font-weight:600;\" class=\"title\">Informaci\u00f3n <strong>Institucional<\/strong><\/h3><\/div><\/div>[\/vc_column][\/vc_row][vc_row css=\u00bb.vc_custom_1559531433775{margin-bottom: 15px !important;}\u00bb][vc_column width=\u00bb1\/2&#8243; css=\u00bb.vc_custom_1563204443988{margin-bottom: 30px !important;}\u00bb][vc_column_text]<\/p>\n<h3 class=\"thim-text-title\">Misi\u00f3n<\/h3>\n<p>Formar personas con principios y valores, con capacidad cr\u00edtica y reflexiva, con sentido \u00e9tico, que cultiven las sanas costumbres, el respeto propio, al pr\u00f3jimo y a todo cuanto lo rodea; capaces de tomar decisiones acertadas en las diferentes situaciones que puedan present\u00e1rsele en la vida; competentes para desempe\u00f1arse en el campo de la tecnolog\u00eda con capacidades para profundizar en el campo de la ciencia y la cultura.<\/p>\n<p>\u201cEDUCAR EN VALORES PARA FORMAR PERSONAS INTEGRALES, PROTAGONISTAS DE SUS APRENDIZAJES, COMPETENTES PARA DESEMPE\u00d1ARSE EN EL CAMPO LABORAL Y CON CAPACIDADES PARA PROFUNDIZAR EN LA TECNOLOG\u00cdA, LA CIENCIA Y LA CULTURA\u201d[\/vc_column_text][\/vc_column][vc_column width=\u00bb1\/2&#8243; css=\u00bb.vc_custom_1563204434245{margin-bottom: 30px !important;}\u00bb][vc_column_text]<\/p>\n<h3 class=\"thim-text-title\">Visi\u00f3n<\/h3>\n<p>\u201cTrabajar en pro de una instituci\u00f3n educativa incluyente, consolidada y reconocida por su excelencia acad\u00e9mica y t\u00e9cnica, s\u00f3lida formaci\u00f3n en valores de nuestros educandos, para que puedan desempe\u00f1arse con habilidad en el campo laboral y desenvolverse libremente en la exigente sociedad actual en procura de alcanzar una mejor calidad de vida que les asegure un futuro exitoso\u201d.<\/p>\n<p>\u201cHACIA LA EXCELENCIA ACAD\u00c9MICA Y UNA S\u00d3LIDA FORMACI\u00d3N EN VALORES PARA LA CONSTRUCCI\u00d3N DE UN MUNDO MEJOR\u201d.[\/vc_column_text][\/vc_column][\/vc_row][vc_row][vc_column][vc_tta_tabs][vc_tta_section title=\u00bbFILOSOF\u00cdA Y PERFIL\u00bb tab_id=\u00bb1553201553661-4cb8a9a4-11b5&#8243;][vc_column_text]FILOSOF\u00cdA INSTITUCIONAL.La Instituci\u00f3n Educativa CARLOS PEREZ ESCALANTE, centra su inter\u00e9s en la persona, valorada como un ser con dignidad y potencialidades en proceso de crecimiento que busca su realizaci\u00f3n personal.<\/p>\n<p>Fomenta el desarrollo de valores \u00e9ticos, morales y c\u00edvicos, tales como liderazgo, trabajo, respeto, justicia, responsabilidad y solidaridad, tendientes a lograr sentido de identidad y pertenencia en el \u00e1mbito familiar, regional y nacional, que incida y mejore la realidad de sus miembros.<\/p>\n<p>PERFIL INSTITUCIONAL.<\/p>\n<p>El estudiante deber\u00e1 ser un defensor del ambiente, permanentemente estar\u00e1 encaminado en la b\u00fasqueda del conocimiento, amante de su cultura, interesado por el progreso de su regi\u00f3n, formado disciplinariamente y espiritualmente mostrando sus potencialidades y valores.<\/p>\n<p>PERFIL DEL ESTUDIANTE<\/p>\n<p>El estudiante de la Instituci\u00f3n Educativa Carlos P\u00e9rez Escalante est\u00e1 en capacidad de: amar, respetar, tolerar, ser receptivo, creativo, solidario, justo, cr\u00edtico, responsable de sus deberes; innovador y emprendedor en su proceso de aprendizaje con capacidades de liderazgo y transformador de su medio en un ambiente id\u00f3neo, que le permita incidir positivamente en su contexto y con gran sentido de pertenencia por su instituci\u00f3n, para mejorar sus condiciones de vida y llegar a ser \u00fatil a la sociedad.[\/vc_column_text][\/vc_tta_section][vc_tta_section title=\u00bbRESE\u00d1A HIST\u00d3RICA\u00bb tab_id=\u00bb1553201553639-a4a157b2-0618&#8243;][vc_column_text]RESE\u00d1A HIST\u00d3RICA DE LA INSTITUCI\u00d3N.La Instituci\u00f3n Educativa se inici\u00f3 con el nombre de: DON ROSENDO GUTIERREZ y su Rector Aliro C\u00e1rdenas Y\u00e1\u00f1ez, funcionando como sede en el Centro Docente \u201cSanta Isabel de Hungr\u00eda\u201d. Secci\u00f3n Nocturna.<\/p>\n<p>El colegio departamental dando cumplimiento a la ley 715 y al decreto 000978 del 18 de Diciembre de 2001, por el cual se reorganiza el servicio p\u00fablico educativo, fusionando establecimientos educativos y creando un Colegio General.<br \/>\nFusi\u00f3nese al Colegio CARLOS PEREZ ESCALANTE, las siguientes Instituciones Educativas: COLEGIO DEPARTAMENTAL INTEGRADO DE SAN LUIS, ESCUELA SANTA ISABEL DE HUNGRIA, ESCUELA NUESTRA SE\u00d1ORA DE CHIQUINQUIR\u00c1, ESCUELA MARCO FIDEL SUAREZ Y CLUB DE LEONES N\u00ba 29 conformando un establecimiento educativo dirigido por un Rector.<\/p>\n<p>Seg\u00fan el decreto No. 000121 del 4 de Marzo de 2001 mediante el cual se instituye Colegio Departamental Carlos P\u00e9rez Escalante en Colegio General. Design\u00e1ndose como Rector \u00fanico al Licenciado: Aliro C\u00e1rdenas Y\u00e1\u00f1ez.<\/p>\n<p>Decreto 000937 del 18 de Diciembre del 2.001 por el cual se reorganiza el servicio p\u00fablico educativo en un Establecimiento Oficial.<br \/>\nFusi\u00f3nese al Colegio Departamental CARLOS PEREZ ESCALANTE del municipio de C\u00facuta, la Jornada Nocturna que ven\u00eda funcionando como Colegio DEPARTAMENTAL INTEGRADO CARLOS PEREZ ESCALANTE, conformando un establecimiento educativo dirigido por un Rector y determin\u00e1ndose la coordinaci\u00f3n de la jornada nocturna.<\/p>\n<p>Decreto N\u00ba 000785 de 2.002 por el cual se reorganiza el servicio educativo, creando una nueva instituci\u00f3n, fusionando y suprimiendo centros educativos en cumplimiento del Convenio de Desempe\u00f1o del Plan de Reorganizaci\u00f3n Escolar.<\/p>\n<p>El Gobernador del Departamento Norte de Santander, en uso de sus facultades legales en especial las conferidas por la Ley 115 del 8 de Febrero de 1.994 y la Ley 715 del 21 de Diciembre del 2.001 y considera que la ESCUELA SANTA ISABEL DE HUNGRIA, creada por Decreto N\u00b0 618 del 07 de Febrero de 1988, que funciona en jornada diurna, atendiendo el servicio de Educaci\u00f3n preescolar y Educaci\u00f3n B\u00e1sica en el ciclo de Primaria ( grados 1\u00b0 a 5\u00b0), requiere complementaci\u00f3n dentro de la Reorganizaci\u00f3n Educativa, para ofrecer el servicio de Educaci\u00f3n B\u00e1sica Secundaria ( grados 6\u00b0 a 9\u00b0) y Educaci\u00f3n Media ( grados 10\u00b0 y 11\u00b0) conforme a los planes y programas dise\u00f1ados por el Ministerio de Educaci\u00f3n Nacional con el fin de garantizar continuidad de los estudios de los educandos en un mismo establecimiento educativo;<\/p>\n<p>Que, la ESCUELA NUESTRA SE\u00d1ORA DE CHIQUINQUIR\u00c1, legalizada por Decreto N\u00b0 0474 del 30 de Marzo de 1998, que funciona en jornada diurna, atendiendo el servicio de Educaci\u00f3n Preescolar y Educaci\u00f3n B\u00e1sica en el ciclo de Primaria ( grados 1\u00b0 a 5\u00b0), requiere complementaci\u00f3n dentro de la Reorganizaci\u00f3n Educativa, para ofrecer el servicio de Educaci\u00f3n B\u00e1sica Secundaria ( grados 6 a 9\u00b0) y Educaci\u00f3n Media ( grados 10\u00b0 y 11\u00b0) conforme a los planes y programas dise\u00f1ados por el Ministerio de Educaci\u00f3n Nacional con el fin de garantizar continuidad de los estudios de los educandos en un mismo establecimiento educativo;<\/p>\n<p>Que, la ESCUELA MARCO FIDEL SUAREZ, legalizada por Decreto N\u00b0 0474 del 30 de Marzo de 1998, que funciona en jornada diurna, atendiendo el Servicio de Educaci\u00f3n Preescolar y Educaci\u00f3n B\u00e1sica en el ciclo de Primaria ( grados 1\u00b0 a 5\u00b0) requiere complementaci\u00f3n dentro de la Reorganizaci\u00f3n Educativa, para ofrecer el servicio de Educaci\u00f3n B\u00e1sica Secundaria ( grados 6\u00b0 a 9\u00b0) y Educaci\u00f3n Media ( grados 10\u00b0 y 11\u00b0) conforme a los planes y programas dise\u00f1ados por el Ministerio de Educaci\u00f3n Nacional con el fin de garantizar continuidad de los estudios de los educandos en un mismo establecimiento educativo;<\/p>\n<p>Que, el COLEGIO DEPARTAMENTAL INTEGRADO SAN LUIS, creado mediante ordenanza N\u00b0 021 del 7 de Diciembre de 1987, que funciona en jornada diurna, atendiendo el servicio de Educaci\u00f3n B\u00e1sica, en el ciclo de Secundaria ( grados 6\u00b0 a 9\u00b0) y Educaci\u00f3n Media ( grados 10\u00b0 y 11\u00b0), requiere complementaci\u00f3n dentro de la Reorganizaci\u00f3n Educativa, para ofrecer el servicio de Educaci\u00f3n Preescolar y Educaci\u00f3n B\u00e1sica en el ciclo de Primaria ( grados 1\u00b0 a 5\u00b0) conforme a los planes y programas dise\u00f1ados por el Ministerio de Educaci\u00f3n Nacional con el fin de garantizar continuidad de los estudios de los educandos en un mismo establecimiento educativo;<\/p>\n<p>Que, el COLEGIO DEPARTAMENTAL CARLOS PEREZ ESCALANTE, autorizado por la Secretaria de Educaci\u00f3n Departamental para ofrecer el Servicio de Educaci\u00f3n B\u00e1sica, en el ciclo de Secundaria ( grados 6\u00b0 a 9\u00b0) y Educaci\u00f3n Media ( gradaos 10\u00b0 y 11\u00b0), requiere complementaci\u00f3n dentro de la Reorganizaci\u00f3n Educativa, para ofrecer el servicio de Educaci\u00f3n Preescolar y Educaci\u00f3n B\u00e1sica en el ciclo de primaria ( grados 1\u00b0 a 5\u00b0), conforme a los planes y programas dise\u00f1ados por el Ministerio de Educaci\u00f3n Nacional con el fin de garantizar continuidad de los estudios de los educandos en un mismo establecimiento Educativo;<\/p>\n<p>Que, el COLEGIO DEPARTAMENTAL NOCTURNO CARLOS PEREZ ESCALANTE, creado mediante ordenanza N\u00b0 015 del 30 de Noviembre de 1978, que funciona en jornada nocturna y atiende el servicio de Educaci\u00f3n B\u00e1sica, en el ciclo de Secundaria (grados 6\u00b0 a 9\u00b0) y Educaci\u00f3n Media (grados 10\u00b0 y 11\u00b0); Preescolar, Educaci\u00f3n B\u00e1sica (Primaria y Secundaria) y Educaci\u00f3n Media, bajo un solo Proyecto Educativo;<\/p>\n<p>Fusi\u00f3nese al \u201cCOLEGIO CARLOS PEREZ ESCALANTE\u201d, del Municipio de San Jos\u00e9 de C\u00facuta, los anteriores Centros Educativos.<\/p>\n<p>Decreto N\u00ba 000951 del 2.002 por el cual se designan los Rectores de las Instituciones Educativas Urbanas del Municipio San Jos\u00e9 de C\u00facuta en cumplimiento del Plan de Reorganizaci\u00f3n Escolar.<\/p>\n<p>Des\u00edgnese como RECTOR de la Instituci\u00f3n Educativa \u201cCOLEGIO CARLOS PEREZ ESCALANTE\u201d del Municipio de San Jos\u00e9 de C\u00facuta, al se\u00f1or JOSE ANTONIO PARADA CARVAJAL, identificado con la c\u00e9dula de ciudadan\u00eda N\u00ba 13.252.895, Licenciado en Educaci\u00f3n, qui\u00e9n ven\u00eda desempe\u00f1ando en propiedad el cargo de Rector del Centro Educativo \u201cColegio Departamental Herm\u00f3genes Maza\u201d, del mismo municipio.<\/p>\n<p>RESE\u00d1A HISTORICA DE CADA UNA DE LAS SEDES FUSIONADAS A LA INSTITUCI\u00d3N EDUCATIVA<\/p>\n<p>ESCUELA SANTA ISABEL DE HUNGRIA.<br \/>\nLa Escuela Santa Isabel de Hungr\u00eda es una de las m\u00e1s antiguas del Barrio San Luis, fue fundada en el a\u00f1o de 1.883.<br \/>\nRequisitos legales: 0618 de Julio 27 de 1.988.<br \/>\nC\u00f3digo del DANE 15400100052<br \/>\nActo administrativo Decreto 0618 del 27 de Julio de 1.988.<br \/>\nA partir del Decreto N\u00ba 000121 del 4 de Marzo del 2.001 se fusiona con la Instituci\u00f3n Educativa Carlos P\u00e9rez Escalante.<\/p>\n<p>ESCUELA NUESTRA SE\u00d1ORA DE CHIQUINQUIR\u00c1.<\/p>\n<p>Edificada por el I.C.C.E, el 23 de Febrero de 1.973.<br \/>\nFundada el 25 de Febrero de 1.973<br \/>\nFigurando como Escuela anexa a la Escuela Marco Fidel Su\u00e1rez, quedando como Director encargado Rodolfo Flori\u00e1n y 4 Docentes.<br \/>\nLa N\u00f3mina en propiedad hasta el 2.002 fue de 10 Docentes y el Director Licenciado Dr. Carlos Mora Pe\u00f1alosa.<br \/>\nA partir del Decreto N\u00ba 000121 del 4 de Marzo del 2.001 se fusiona con la Instituci\u00f3n Educativa Carlos P\u00e9rez Escalante.<\/p>\n<p>ESCUELA MARCO FIDEL SUAREZ.<\/p>\n<p>Fue creada en el a\u00f1o 1.900 con el nombre \u201cEscuela P\u00fablica de Varones\u201d<br \/>\nNombrado como Director Don Jos\u00e9 Mar\u00eda Tob\u00f3n, en 1.934 fue inaugurada como \u201cEscuela Marco Fidel Su\u00e1rez\u201d, en honor al ex presidente de la Rep\u00fablica.<br \/>\nEn 1.964 fue nombrado como director el se\u00f1or Rodolfo Flori\u00e1n Moreno.<br \/>\nEn 1.973 se anex\u00f3 a esta Instituci\u00f3n la \u201cEscuela Nuestra Se\u00f1ora de Chiquinquir\u00e1\u201d<br \/>\nA partir de Junio de 2.000 asume la Direcci\u00f3n la se\u00f1ora Ana Estella Ropero Navarro.<br \/>\nEl Centro Docente Marco Fidel Su\u00e1rez est\u00e1 ubicado en la Calle 11 # 2 \u2013 27 del Barrio San Luis, cuenta con 16 Profesores, 1 Profesora de aula de apoyo y la Directora.<br \/>\nEste Centro Docente es fusionado seg\u00fan decreto N\u00ba 000121 del 4 de Marzo de 2.001 a la Instituci\u00f3n Educativa Carlos P\u00e9rez Escalante.<\/p>\n<p>COLEGIO DEPARTAMENTAL INTEGRADO SAN LUIS.<\/p>\n<p>Se cre\u00f3 por ordenanza N\u00ba 21 del 7 de Diciembre de 1.987, para que funcionara la planta f\u00edsica del Colegio Nocturno Carlos P\u00e9rez Escalante, del Barrio San Luis en la jornada de la ma\u00f1ana.<br \/>\nInici\u00f3 sus labores el 21 de Julio de 1.989 de acuerdo a la ordenanza del Gobierno Departamental, haciendo los siguientes nombramientos:<br \/>\n1 Rector<br \/>\n1 Coordinador<br \/>\n1 Secretaria<br \/>\n4 Profesores<br \/>\n1Bibliotecaria<br \/>\n1 Celador<br \/>\n1 Aseadora<br \/>\nSe inici\u00f3 con 54 alumnos para los grados 6\u00ba y 7\u00ba.<br \/>\nA la fecha de Noviembre 30 de 2.002 se termina el a\u00f1o con:<br \/>\n482 Estudiantes<br \/>\n18 Docentes<br \/>\n2 Directivos<br \/>\n1 Psico-orientadora<br \/>\n1 Secretaria no habilitada<br \/>\n1 Celador<\/p>\n<p>COLEGIO CARLOS PEREZ ESCALANTE.<\/p>\n<p>Colegio creado mediante ordenanza Departamental N\u00ba 015 del 30 de Noviembre de 1.978.<br \/>\nEmpez\u00f3 a funcionar con car\u00e1cter de plantel mixto el 1 de Marzo de 1.979, con los cursos 1\u00ba y 2\u00ba bachillerato modalidad acad\u00e9mica.<br \/>\nInici\u00f3 labores en la Escuela Santa Isabel de Hungr\u00eda con el nombre de \u201cDon Rosendo Guti\u00e9rrez\u201d nombre que se cambi\u00f3 en el mismo a\u00f1o por el de \u201cCarlos P\u00e9rez Escalante\u201d<br \/>\nEn 1.980 fue trasladado el Rector al Colegio Alejandro Guti\u00e9rrez Calder\u00f3n, lo reemplaz\u00f3 el Licenciado Z\u00f3simo Ram\u00edrez Mantilla, quien permaneci\u00f3 6 meses en el Colegio y luego regres\u00f3 el Licenciado Aliro C\u00e1rdenas Y\u00e1\u00f1ez hasta Agosto de 2.002. Fue designado como Rector del Colegio General Santander y en su reemplazo se encarg\u00f3 al Se\u00f1or Supervisor Germ\u00e1n Gonz\u00e1lez hasta Noviembre 12 de 2.002 cuando se nombr\u00f3 como Rector al Licenciado Jos\u00e9 Antonio Parada Carvajal seg\u00fan el Decreto N\u00ba 000951 del 2002.<\/p>\n<p>El colegio Departamental nocturno inicia con los grados primero y segundo de bachillerato hoy sexto y s\u00e9ptimo grado, con estudiantes trabajadores, hombre y mujeres, todos mayores de 18 a\u00f1os, algunos casados y casadas.<\/p>\n<p>En 1982, el Municipio de San Jos\u00e9 de C\u00facuta, sede a t\u00edtulo gratuito un lote terreno ubicado en la esquina de la calle 13 con Av. 2, aleda\u00f1o al parque con destino exclusivo a la construcci\u00f3n del Colegio Departamental Nocturno Carlos P\u00e9rez Escalante, con escritura publica N\u00aa 866 del 16 de junio de ese mismo a\u00f1o.<br \/>\nEn este mismo a\u00f1o (1982), el municipio San Jos\u00e9 de C\u00facuta, transfiere una segunda franja de terreno para el mismo prop\u00f3sito, con escritura publica N\u00aa 333 de agosto 27.<br \/>\nEn 1987, mediante resoluci\u00f3n N\u00aa 122, fechada el 9 de marzo, se crea la jornada adicional diurna, colegio Departamental Carlos P\u00e9rez Escalante, como respuesta a las tantas peticiones de padres preocupados por los costos de transporte y distancia a las cuales deb\u00edan enviar sus hijos e hijas, se inicio con 27 alumnos, un rector y 2 profesoras.<br \/>\nEn el mes de agosto de 1989, once a\u00f1os despu\u00e9s de creado, inicia labores el Colegio Integrado San Luis, funcionando la jornada de la ma\u00f1ana con alumnos cedidos por el colegio Departamental Carlos P\u00e9rez Escalante jornada de la tarde, usando su planta f\u00edsica con quien comparte todas las dependencias.<br \/>\nEn 1998 el Ministerio de Educaci\u00f3n Nacional incluye al Colegio en el programa Nacional de nuevas Tecnolog\u00edas y biling\u00fcismo, dotando el aula de inform\u00e1tica con 16 computadoras. En este mismo a\u00f1o, el MEN por ley 21 y como reconocimiento al car\u00e1cter de t\u00e9cnico le asigna una partida para el inicio de la construcci\u00f3n del bloque II, por resoluci\u00f3n 3309, el MEN asigna otra partida para construcci\u00f3n y dotaci\u00f3n del laboratorio de electr\u00f3nica.<br \/>\nEl Ministerio de Educaci\u00f3n Nacional selecciona al Colegio Carlos P\u00e9rez Escalante entre 60 Instituciones del pa\u00eds y entre tres departamentos, para la incorporaci\u00f3n de Nuevas Tecnolog\u00edas al curr\u00edculo de matem\u00e1ticas de Educaci\u00f3n Media de Colombia, esto ocurre a partir del 2001, por desarrollar procesos de reflexi\u00f3n y de renovaci\u00f3n del curr\u00edculo. Se equipa la instituci\u00f3n con 25 calculadoras t-192+ y herramientas para el proyecto con capacitaci\u00f3n para dos de nuestros maestros en Bogot\u00e1.<br \/>\nEn noviembre del 2001 se protocoliza anta la Secretaria de Educaci\u00f3n Departamental, un proyecto educativo que ser\u00e1 coordinado por la Fundaci\u00f3n de Estudios Superiores Comfanorte en la Especializaci\u00f3n en Electr\u00f3nica B\u00e1sica y digitaci\u00f3n de informaci\u00f3n y diagramaci\u00f3n sistematizada como elementos b\u00e1sicos para la conformaci\u00f3n del Colegio T\u00e9cnico.<br \/>\nEn el 2002 El rector ALIRO CARDENAS YA\u00d1EZ es trasladado a otro plantel y llega el Supervisor GERMAN GONZALEZ en su reemplazo para darle inicio al proceso de fusi\u00f3n quedando integrada por 4 sedes as\u00ed: Marco Fidel Su\u00e1rez, Santa Isabel de Hungr\u00eda, Nuestra Se\u00f1ora de Chiquinquir\u00e1 y el Colegio Carlos P\u00e9rez Escalante.<\/p>\n<p>El 30 de Septiembre de 2.002 mediante el decreto N\u00b0 000785, se fusionan legalmente las Escuelas Marco Fidel Su\u00e1rez, Nuestra Se\u00f1ora de Chiquinquir\u00e1, Santa Isabel de Hungr\u00eda, Colegio Integrado San Luis y el Colegio Carlos P\u00e9rez Escalante Nocturno y jornada adicional en la Instituci\u00f3n Educativa Colegio Carlos P\u00e9rez Escalante.<\/p>\n<p>Por Decreto N\u00ba 000951 del 2.002 se designa como RECTOR de la Instituci\u00f3n Educativa \u201cCOLEGIO CARLOS PEREZ ESCALANTE\u201d del Municipio de San Jos\u00e9 de C\u00facuta, al se\u00f1or JOSE ANTONIO PARADA CARVAJAL, identificado con la c\u00e9dula de ciudadan\u00eda N\u00ba 13.252.895, Licenciado en Educaci\u00f3n, qui\u00e9n ven\u00eda desempe\u00f1ando en propiedad el cargo de Rector del Centro Educativo \u201cColegio Departamental Herm\u00f3genes Maza\u201d, del mismo municipio.<br \/>\nCOLEGIO DEPARTAMENTAL INTEGRADO SAN LUIS se cre\u00f3 por ordenanza N\u00ba 21 del 7 de Diciembre de 1.987, para que funcionara en la planta f\u00edsica del Colegio Nocturno Carlos P\u00e9rez Escalante, del Barrio San Luis en la jornada de la ma\u00f1ana. Inici\u00f3 sus labores el 21 de Julio de 1.989 de acuerdo a la ordenanza del Gobierno Departamental,<br \/>\nLA ESCUELA SANTA ISABEL DE HUNGR\u00cdA es una de las m\u00e1s antiguas del Barrio San Luis, fue fundada en el a\u00f1o de 1.883.<br \/>\nESCUELA NUESTRA SE\u00d1ORA DE CHIQUINQUIR\u00c1 Edificada por el I.C.C.E, el 23 de Febrero de 1.973. Fundada el 25 de Febrero de 1.973 Figurando como Escuela anexa a la Escuela Marco Fidel Su\u00e1rez.<br \/>\nESCUELA MARCO FIDEL SU\u00c1REZ fue creada en el a\u00f1o 1.900 con el nombre \u201cEscuela P\u00fablica de Varones\u201d, en 1.934 fue inaugurada como \u201cEscuela Marco Fidel Su\u00e1rez\u201d, en honor al ex presidente de la Rep\u00fablica.<\/p>\n<p>RESOLUCI\u00d3N 00001 DEL 4 DE ENERO DE 2011, POR EL CUAL SE TRASLADA A UN DIRECTIVO DOCENTE-RECTOR.<\/p>\n<p>El secretario de Despacho \u00c1rea Direcci\u00f3n Educativa, en uso de sus atribuciones legales y en especial las conferidas por la Ley 115 de 1994, Ley 715 de 2001 Decreto 2277 de 1979, Decreto 3020 de 2002, Decreto 520 de 2010. Decreto delegatario0053 de Enero 26 de 2010, Resoluci\u00f3n N\u00b0 2213 de Diciembre 3 de 2010 y considerando que mediante oficio radicado el 4 de Enero de 2011, el Directivo Docente- Rector ELIAS ALFONSO ARDILA, identificado con la C\u00e9dula de Ciudadan\u00eda N\u00b0 13.255.265 de C\u00facuta, solicita traslado de la Instituci\u00f3n Educativa Colegio Fray Manuel \u00c1lvarez.<\/p>\n<p>Resuelve trasladarse al Rector EL\u00cdAS ALFONSO ARDILA, identificado con la C\u00e9dula de Ciudadan\u00eda N\u00b0 13.255.265 de C\u00facuta, GRADO 14 en el Escalaf\u00f3n Nacional Docente de la Instituci\u00f3n Educativa Fray Manuel \u00c1lvarez a la instituci\u00f3n Educativa Carlos P\u00e9rez Escalante.<\/p>\n<p>En el a\u00f1o 2012 el Se\u00f1or Rector, El\u00edas Alfonso Ardila acompa\u00f1ado del Equipo de Gesti\u00f3n resuelven dar inicio al proceso de certificaci\u00f3n de calidad. Se inicia el trabajo bajo la norma NTC ISO 9001:2008 \u2013 NTC GP-1000:2009 y se nombra como coordinadora de aseguramiento de la calidad a la Lic Ludy Ortiz.<\/p>\n<p>Se inicia con la sensibilizaci\u00f3n del proceso por parte del Rector y la empresa S&amp; S Consultor\u00eda a cargo de la Gerente Ing. Sandra Milena Y\u00e1\u00f1ez Meneses; el Rector designa a los tres coordinadores y la orientadora l\u00edderes en los 4 procesos; quedando as\u00ed: Mg Sime\u00f3n Sep\u00falveda Riveros, Gesti\u00f3n Acad\u00e9mica; Esp Nidia Mogoll\u00f3n, Gesti\u00f3n de la Comunidad; Esp Jorge Guerrero, Gesti\u00f3n Administrativa y Financiera; Orientadora Myriam L\u00f3pez, Gesti\u00f3n Directiva.<\/p>\n<p>En ese a\u00f1o se realiza un diagn\u00f3stico con el acompa\u00f1amiento de la entidad S&amp;S consultor\u00eda, se dio capacitaci\u00f3n de la norma t\u00e9cnica de calidad y la elaboraci\u00f3n del dise\u00f1o de la planeaci\u00f3n estrat\u00e9gica por parte del comit\u00e9 de gesti\u00f3n de calidad.<\/p>\n<p>En ese mismo a\u00f1o se elabora el mapa de procesos por parte de S&amp;S consultor\u00eda y luego en septiembre se dio la recolecci\u00f3n de documentos, para la elaboraci\u00f3n de instrumentos por parte del comit\u00e9 de calidad se determinan acciones para el dise\u00f1o de las caracterizaciones de los 4 procesos y su aprobaci\u00f3n.<\/p>\n<p>Seguidamente se concluye el dise\u00f1o de documentos por gesti\u00f3n y la estandarizaci\u00f3n de los formatos, como a su vez el dise\u00f1o del manual de calidad con su revisi\u00f3n y aprobaci\u00f3n por parte de S&amp;S consultor\u00eda.<\/p>\n<p>En el mes de Mayo de 2012, se inicia con la socializaci\u00f3n del SGC para su implementaci\u00f3n a partir del mes de Junio de 2012.<\/p>\n<p>En espera de la visita de auditor\u00eda los d\u00edas 29, 30 y 31 de mayo de 2013.[\/vc_column_text][\/vc_tta_section][\/vc_tta_tabs][\/vc_column][\/vc_row][vc_row css=\u00bb.vc_custom_1563205900176{margin-top: 50px !important;}\u00bb][vc_column]<div class=\"thim-widget-heading template-base\"><div class=\"sc_heading  text-center\"><h3 class=\"title\">S\u00edmbolos <strong>Institucionales<\/strong><\/h3><\/div><\/div>[vc_row_inner css=\u00bb.vc_custom_1563206094960{margin-top: 50px !important;}\u00bb][vc_column_inner width=\u00bb1\/2&#8243;][vc_column_text]<\/p>\n<h3 class=\"thim-text-title\">Bandera<\/h3>\n<p><img loading=\"lazy\" decoding=\"async\" class=\"alignleft\" src=\"https:\/\/iecarpes.edu.co\/web\/wp-content\/uploads\/2019\/07\/bandera.png\" width=\"265\" height=\"191\" \/><\/p>\n<p>La Bandera de la Instituci\u00f3n Educativa Carlos P\u00e9rez Escalante est\u00e1 formada por tres colores: Rojo, Blanco y Verde cada uno de los cuales est\u00e1 distribuido en tres franjas horizontales de igual longitud y tama\u00f1o.<\/p>\n<p><strong>ROJO<\/strong>. Simboliza la fuerza, la energ\u00eda, la sangre y la pujanza de cada uno de los miembros de la comunidad educativa.<br \/>\n<strong>BLANCO<\/strong>. Simboliza la pureza, la honestidad y todos los valores que forman integralmente a los estudiantes hacia un futuro mejor.<br \/>\n<strong>VERDE<\/strong>. Simboliza la esperanza, la prosperidad, la naturaleza y el entorno donde debemos cimentar el cuidado por el medio ambiente.<\/p>\n<p>En el centro de la bandera est\u00e1 el Escudo de armas de la Instituci\u00f3n y a los alrededores la circundan 4 estrellas que representan las 4 sedes que conforman la INSTITUCI\u00d3N EDUCATIVA CARLOS P\u00c9REZ ESCALANTE.<\/p>\n<p>Dise\u00f1ada por el Especialista CRIST\u00d3BAL MOLINA GARC\u00cdA.[\/vc_column_text][\/vc_column_inner][vc_column_inner width=\u00bb1\/2&#8243;][vc_column_text]<\/p>\n<h3 class=\"thim-text-title\">Escudo<\/h3>\n<p><img loading=\"lazy\" decoding=\"async\" class=\"alignleft\" src=\"https:\/\/iecarpes.edu.co\/web\/wp-content\/uploads\/2019\/07\/escudo.png\" width=\"216\" height=\"216\" \/>El escudo est\u00e1 dividido en dos cuarteles cruzados por la bandera de la Instituci\u00f3n Educativa Carlos P\u00e9rez Escalante.<br \/>\nEn el cuartel superior se muestra un libro donde se se\u00f1alan las siglas IECPE que significan Instituci\u00f3n Educativa Carlos P\u00e9rez Escalante. El libro significa la sabidur\u00eda y los conocimientos.En el cuartel inferior se encuentra una mano sosteniendo una antorcha encendida, significando al maestro que muestra la luz y el camino hacia el conocimiento y con un fondo \u00e1ureo que significa nuestra riqueza.El entorno lo circunda el nombre de la Instituci\u00f3n Educativa Carlos P\u00e9rez Escalante.El libro y la antorcha est\u00e1n divididos de forma oblicua por la bandera del Colegio en forma de cinta destacando sus tres colores rojo, blanco y verde.En la parte superior hay una cinta que dice Excelencia, lo cual da significado a la Visi\u00f3n, la Misi\u00f3n y la Filosof\u00eda de la Instituci\u00f3n. Debajo de la cinta hay 4 estrellas que simbolizan las cuatro sedes de la Instituci\u00f3n.<br \/>\nEn la parte inferior se encuentra otra cinta que dice Ciencia y Virtud que compagina con la cinta superior y que da importancia al estudio y conocimiento de la ciencia y al trabajo de los valores que enmarca el Colegio en la formaci\u00f3n integral de los estudiantes.Las cintas son de color rojo porque el rojo simboliza la fuerza y el empuje para salir siempre adelante.Dise\u00f1ado por el Especialista RAMIRO ROZO G\u00d3MEZ.[\/vc_column_text][\/vc_column_inner][\/vc_row_inner][vc_row_inner css=\u00bb.vc_custom_1563205917856{margin-top: 50px !important;}\u00bb][vc_column_inner][vc_column_text]<\/p>\n<h3 class=\"thim-text-title\">Himno<\/h3>\n<p>Es un reconocimiento al trabajo realizado en las cuatro sedes de la Instituci\u00f3n Educativa Carlos P\u00e9rez Escalante y donde se refleja el amor y la dedicaci\u00f3n de todos los estamentos que integran la Instituci\u00f3n en procura de un mejor ciudadano y ser humano para un futuro mejor.<\/p>\n<p>La letra fue escrita por los docentes Ramiro Rozo G\u00f3mez y Omar Velandia, quienes dedicaron tiempo y trabajo de la mano de otros docentes para que integrara todo el saber y la sabidur\u00eda que imparte el Colegio a trav\u00e9s de todos sus maestros y directivos.<\/p>\n<p>El CD original se grab\u00f3 con la voz del profesor Omar Velandia quien resalta sus cualidades para la m\u00fasica.[\/vc_column_text][\/vc_column_inner][\/vc_row_inner][\/vc_column][\/vc_row][vc_row full_width=\u00bbstretch_row_content_no_spaces\u00bb css=\u00bb.vc_custom_1563205937976{background-color: #f7e4e4 !important;}\u00bb][vc_column][vc_row_inner][vc_column_inner]<div class=\"thim-widget-heading template-base\"><div class=\"sc_heading  text-center\"><h3 class=\"title\"><strong>Himno<\/strong> Institucional<\/h3><span class=\"line\"><\/span><\/div><\/div>[\/vc_column_inner][\/vc_row_inner][vc_row_inner][vc_column_inner width=\u00bb1\/3&#8243;]<div class=\"thim-widget-heading template-base\"><div class=\"sc_heading  text-center\"><h3 class=\"title\">CORO<\/h3><span class=\"line\"><\/span><\/div><\/div>[vc_column_text]<\/p>\n<div style=\"text-align: center;\">La ciencia y el arte sin la fuerza y el trabajo la superaci\u00f3n,<br \/>\nAdelante nobles estudiantes aqu\u00ed est\u00e1 nuestra formaci\u00f3n (Bis)<\/div>\n<p>[\/vc_column_text][\/vc_column_inner][vc_column_inner width=\u00bb1\/3&#8243;]<div class=\"thim-widget-heading template-base\"><div class=\"sc_heading  text-center\"><h3 class=\"title\">I<\/h3><span class=\"line\"><\/span><\/div><\/div>[vc_column_text]<\/p>\n<div style=\"text-align: center;\">El estudio nos libera de odios y temores<br \/>\nEn Carlos P\u00e9rez siempre estamos cultivando la verdad<br \/>\nLos maestros con valor gu\u00edan con fuerza pionera<br \/>\nTodos nuestros ideales La virtud es la fe y el amor<\/div>\n<p>[\/vc_column_text][\/vc_column_inner][vc_column_inner width=\u00bb1\/3&#8243;]<div class=\"thim-widget-heading template-base\"><div class=\"sc_heading  text-center\"><h3 class=\"title\">II<\/h3><span class=\"line\"><\/span><\/div><\/div>[vc_column_text]<\/p>\n<div style=\"text-align: center;\">Adelante vamos unidos con talento precursor<br \/>\nLegando Poder y altivez que es la herencia, Del creador<br \/>\nEl hombre nace al trabajo esperando una Patria mejor<br \/>\nY es en esta Instituci\u00f3n donde servimos con el coraz\u00f3n<\/div>\n<p>[\/vc_column_text][\/vc_column_inner][\/vc_row_inner][\/vc_column][\/vc_row]<\/p>\n<\/div>","protected":false},"excerpt":{"rendered":"<p>[vc_row][vc_column][\/vc_column][\/vc_row][vc_row css=\u00bb.vc_custom_1559531433775{margin-bottom: 15px !important;}\u00bb][vc_column width=\u00bb1\/2&#8243; css=\u00bb.vc_custom_1563204443988{margin-bottom: 30px !important;}\u00bb][vc_column_text] Misi\u00f3n Formar personas con principios y valores, con capacidad cr\u00edtica y reflexiva, con sentido \u00e9tico, que cultiven las sanas costumbres, el respeto propio, al pr\u00f3jimo y a todo cuanto lo rodea; capaces &hellip; <\/p>\n","protected":false},"author":1,"featured_media":0,"parent":0,"menu_order":0,"comment_status":"closed","ping_status":"closed","template":"","meta":{"footnotes":""},"class_list":["post-11502","page","type-page","status-publish","hentry"],"_links":{"self":[{"href":"https:\/\/iecarpes.edu.co\/web\/wp-json\/wp\/v2\/pages\/11502","targetHints":{"allow":["GET"]}}],"collection":[{"href":"https:\/\/iecarpes.edu.co\/web\/wp-json\/wp\/v2\/pages"}],"about":[{"href":"https:\/\/iecarpes.edu.co\/web\/wp-json\/wp\/v2\/types\/page"}],"author":[{"embeddable":true,"href":"https:\/\/iecarpes.edu.co\/web\/wp-json\/wp\/v2\/users\/1"}],"replies":[{"embeddable":true,"href":"https:\/\/iecarpes.edu.co\/web\/wp-json\/wp\/v2\/comments?post=11502"}],"version-history":[{"count":5,"href":"https:\/\/iecarpes.edu.co\/web\/wp-json\/wp\/v2\/pages\/11502\/revisions"}],"predecessor-version":[{"id":11732,"href":"https:\/\/iecarpes.edu.co\/web\/wp-json\/wp\/v2\/pages\/11502\/revisions\/11732"}],"wp:attachment":[{"href":"https:\/\/iecarpes.edu.co\/web\/wp-json\/wp\/v2\/media?parent=11502"}],"curies":[{"name":"wp","href":"https:\/\/api.w.org\/{rel}","templated":true}]}}